{"id":9,"date":"2023-11-14T19:25:42","date_gmt":"2023-11-14T18:25:42","guid":{"rendered":"https:\/\/pz8.pozytywneinicjatywy.pl\/?page_id=9"},"modified":"2026-04-27T09:38:38","modified_gmt":"2026-04-27T07:38:38","slug":"kadra","status":"publish","type":"page","link":"https:\/\/pz8.pozytywneinicjatywy.pl\/index.php\/kadra\/","title":{"rendered":"Kadra"},"content":{"rendered":"\n<div style=\"height:30px\" aria-hidden=\"true\" class=\"wp-block-spacer\"><\/div>\n\n\n\n<h2 class=\"wp-block-heading\">Kadra<\/h2>\n\n\n\n<p>W plac\u00f3wce funkcjonuj\u0105 cztery grupy po maksymalnie 25 dzieci. Nad ka\u017cd\u0105 grup\u0105 opiek\u0119 sprawuj\u0105 wykwalifikowane opiekunki i ich pomoce. Ciocie s\u0105 bardzo zaanga\u017cowane, kreatywne, troskliwe i w pe\u0142ni oddane swojej pracy. Pracujemy w duchu \u201ePorozumienia Bez Przemocy\u201d i jeste\u015bmy otwarci na szeroko poj\u0119t\u0105 wsp\u00f3\u0142prac\u0119 z dzie\u0107mi i rodzicami. Wszyscy nasi pracownicy s\u0105 przeszkoleni z udzielania pierwszej pomocy dzieciom.<\/p>\n\n\n\n<div style=\"height:29px\" aria-hidden=\"true\" class=\"wp-block-spacer\"><\/div>\n\n\n\n<div class=\"wp-block-media-text is-stacked-on-mobile\" style=\"grid-template-columns:18% auto\"><figure class=\"wp-block-media-text__media\"><img loading=\"lazy\" decoding=\"async\" width=\"983\" height=\"1024\" src=\"https:\/\/pz8.pozytywneinicjatywy.pl\/wp-content\/uploads\/2024\/10\/DSC_8166-EDIT-e1774532582881-983x1024.jpg\" alt=\"\" class=\"wp-image-220 size-full\" srcset=\"https:\/\/pz8.pozytywneinicjatywy.pl\/wp-content\/uploads\/2024\/10\/DSC_8166-EDIT-e1774532582881-983x1024.jpg 983w, https:\/\/pz8.pozytywneinicjatywy.pl\/wp-content\/uploads\/2024\/10\/DSC_8166-EDIT-e1774532582881-288x300.jpg 288w, https:\/\/pz8.pozytywneinicjatywy.pl\/wp-content\/uploads\/2024\/10\/DSC_8166-EDIT-e1774532582881-768x800.jpg 768w, https:\/\/pz8.pozytywneinicjatywy.pl\/wp-content\/uploads\/2024\/10\/DSC_8166-EDIT-e1774532582881-1474x1536.jpg 1474w, https:\/\/pz8.pozytywneinicjatywy.pl\/wp-content\/uploads\/2024\/10\/DSC_8166-EDIT-e1774532582881.jpg 1737w\" sizes=\"auto, (max-width: 983px) 100vw, 983px\" \/><\/figure><div class=\"wp-block-media-text__content\">\n<p><strong>mgr<\/strong> <strong>Marta Budny &#8211; dyrektor \u017c\u0142obka<\/strong><br><a href=\"mailto:m.budny@pozytywneinicjatywy.pl\">m.budny@pozytywneinicjatywy.pl<\/a><\/p>\n<\/div><\/div>\n\n\n\n<div class=\"wp-block-media-text is-stacked-on-mobile\" style=\"grid-template-columns:18% auto\"><figure class=\"wp-block-media-text__media\"><img loading=\"lazy\" decoding=\"async\" width=\"407\" height=\"406\" src=\"https:\/\/pz8.pozytywneinicjatywy.pl\/wp-content\/uploads\/2025\/09\/WhatsApp-Image-2024-09-12-at-10.28.18-768x759-1.jpg\" alt=\"\" class=\"wp-image-336 size-full\" srcset=\"https:\/\/pz8.pozytywneinicjatywy.pl\/wp-content\/uploads\/2025\/09\/WhatsApp-Image-2024-09-12-at-10.28.18-768x759-1.jpg 407w, https:\/\/pz8.pozytywneinicjatywy.pl\/wp-content\/uploads\/2025\/09\/WhatsApp-Image-2024-09-12-at-10.28.18-768x759-1-300x300.jpg 300w, https:\/\/pz8.pozytywneinicjatywy.pl\/wp-content\/uploads\/2025\/09\/WhatsApp-Image-2024-09-12-at-10.28.18-768x759-1-150x150.jpg 150w\" sizes=\"auto, (max-width: 407px) 100vw, 407px\" \/><\/figure><div class=\"wp-block-media-text__content\">\n<p><strong>mgr<\/strong> <strong>Liliana Le\u015bniak &#8211; neurologopeda<\/strong><br><a href=\"mailto:l.lesniak@pozytywneinicjatywy.pl\">l.lesniak@pozytywneinicjatywy.pl<\/a><\/p>\n<\/div><\/div>\n\n\n\n<div class=\"wp-block-media-text is-stacked-on-mobile\" style=\"grid-template-columns:18% auto\"><figure class=\"wp-block-media-text__media\"><img loading=\"lazy\" decoding=\"async\" width=\"406\" height=\"393\" src=\"https:\/\/pz8.pozytywneinicjatywy.pl\/wp-content\/uploads\/2026\/04\/AB-e1777275209642.jpg\" alt=\"M\u0142oda kobieta o jasnych, prostych w\u0142osach, ubrana w pomara\u0144czow\u0105 sukienk\u0119 w niebieskie wzory, u\u015bmiecha si\u0119 delikatnie na rozmytym tle wn\u0119trza z kolorowymi elementami.\" class=\"wp-image-506 size-full\" srcset=\"https:\/\/pz8.pozytywneinicjatywy.pl\/wp-content\/uploads\/2026\/04\/AB-e1777275209642.jpg 406w, https:\/\/pz8.pozytywneinicjatywy.pl\/wp-content\/uploads\/2026\/04\/AB-e1777275209642-300x290.jpg 300w\" sizes=\"auto, (max-width: 406px) 100vw, 406px\" \/><\/figure><div class=\"wp-block-media-text__content\">\n<p><strong>mgr Aleksandra Bielecka &#8211; psycholog<br><\/strong><a href=\"a.bielecka@pozytywneinicjatywy.pl\">a.bielecka@pozytywneinicjatywy.pl <\/a><\/p>\n<\/div><\/div>\n\n\n\n<div class=\"wp-block-media-text is-stacked-on-mobile\" style=\"grid-template-columns:18% auto\"><figure class=\"wp-block-media-text__media\"><img loading=\"lazy\" decoding=\"async\" width=\"495\" height=\"484\" src=\"https:\/\/pz8.pozytywneinicjatywy.pl\/wp-content\/uploads\/2025\/09\/03a778d8-f50d-4879-9bb7-36197d3715de-768x1024-1.jpg\" alt=\"Portret u\u015bmiechni\u0119tej blondynki w szarym t-shircie, na rozmytym tle z widocznymi literami alfabetu.\" class=\"wp-image-343 size-full\" srcset=\"https:\/\/pz8.pozytywneinicjatywy.pl\/wp-content\/uploads\/2025\/09\/03a778d8-f50d-4879-9bb7-36197d3715de-768x1024-1.jpg 495w, https:\/\/pz8.pozytywneinicjatywy.pl\/wp-content\/uploads\/2025\/09\/03a778d8-f50d-4879-9bb7-36197d3715de-768x1024-1-300x293.jpg 300w\" sizes=\"auto, (max-width: 495px) 100vw, 495px\" \/><\/figure><div class=\"wp-block-media-text__content\">\n<p><strong>mgr Magdalena Duchniewicz &#8211; n. j\u0119z. angielskiego<\/strong><\/p>\n<\/div><\/div>\n\n\n\n<p class=\"has-text-align-center has-large-font-size\"><strong>GRUPA JASK\u00d3\u0141KI<\/strong> (maluszki)<\/p>\n\n\n\n<div class=\"wp-block-media-text is-stacked-on-mobile\" style=\"grid-template-columns:19% auto\"><figure class=\"wp-block-media-text__media\"><img loading=\"lazy\" decoding=\"async\" width=\"1024\" height=\"915\" src=\"https:\/\/pz8.pozytywneinicjatywy.pl\/wp-content\/uploads\/2024\/10\/DSC_5875-Edit-scaled-e1774532549995-1024x915.jpg\" alt=\"\" class=\"wp-image-225 size-full\" srcset=\"https:\/\/pz8.pozytywneinicjatywy.pl\/wp-content\/uploads\/2024\/10\/DSC_5875-Edit-scaled-e1774532549995-1024x915.jpg 1024w, https:\/\/pz8.pozytywneinicjatywy.pl\/wp-content\/uploads\/2024\/10\/DSC_5875-Edit-scaled-e1774532549995-300x268.jpg 300w, https:\/\/pz8.pozytywneinicjatywy.pl\/wp-content\/uploads\/2024\/10\/DSC_5875-Edit-scaled-e1774532549995-768x686.jpg 768w, https:\/\/pz8.pozytywneinicjatywy.pl\/wp-content\/uploads\/2024\/10\/DSC_5875-Edit-scaled-e1774532549995-1536x1373.jpg 1536w, https:\/\/pz8.pozytywneinicjatywy.pl\/wp-content\/uploads\/2024\/10\/DSC_5875-Edit-scaled-e1774532549995.jpg 1967w\" sizes=\"auto, (max-width: 1024px) 100vw, 1024px\" \/><\/figure><div class=\"wp-block-media-text__content\">\n<p><strong>Anna Szekalska<\/strong><br>opiekunka dzieci\u0119ca<\/p>\n<\/div><\/div>\n\n\n\n<div class=\"wp-block-media-text is-stacked-on-mobile\" style=\"grid-template-columns:19% auto\"><figure class=\"wp-block-media-text__media\"><img loading=\"lazy\" decoding=\"async\" width=\"1024\" height=\"1024\" src=\"https:\/\/pz8.pozytywneinicjatywy.pl\/wp-content\/uploads\/2026\/03\/DSC2752-Edit-scaled-e1774532218863-1024x1024.jpg\" alt=\"\" class=\"wp-image-487 size-full\" srcset=\"https:\/\/pz8.pozytywneinicjatywy.pl\/wp-content\/uploads\/2026\/03\/DSC2752-Edit-scaled-e1774532218863-1024x1024.jpg 1024w, https:\/\/pz8.pozytywneinicjatywy.pl\/wp-content\/uploads\/2026\/03\/DSC2752-Edit-scaled-e1774532218863-300x300.jpg 300w, https:\/\/pz8.pozytywneinicjatywy.pl\/wp-content\/uploads\/2026\/03\/DSC2752-Edit-scaled-e1774532218863-150x150.jpg 150w, https:\/\/pz8.pozytywneinicjatywy.pl\/wp-content\/uploads\/2026\/03\/DSC2752-Edit-scaled-e1774532218863-768x768.jpg 768w, https:\/\/pz8.pozytywneinicjatywy.pl\/wp-content\/uploads\/2026\/03\/DSC2752-Edit-scaled-e1774532218863.jpg 1260w\" sizes=\"auto, (max-width: 1024px) 100vw, 1024px\" \/><\/figure><div class=\"wp-block-media-text__content\">\n<p><strong>Iwona Jakubiak<\/strong><br>opiekunka dzieci\u0119ca<\/p>\n<\/div><\/div>\n\n\n\n<div class=\"wp-block-media-text is-stacked-on-mobile\" style=\"grid-template-columns:19% auto\"><figure class=\"wp-block-media-text__media\"><img loading=\"lazy\" decoding=\"async\" width=\"1024\" height=\"987\" src=\"https:\/\/pz8.pozytywneinicjatywy.pl\/wp-content\/uploads\/2026\/03\/DSC0463-scaled-e1774532463466-1024x987.jpg\" alt=\"\" class=\"wp-image-489 size-full\" srcset=\"https:\/\/pz8.pozytywneinicjatywy.pl\/wp-content\/uploads\/2026\/03\/DSC0463-scaled-e1774532463466-1024x987.jpg 1024w, https:\/\/pz8.pozytywneinicjatywy.pl\/wp-content\/uploads\/2026\/03\/DSC0463-scaled-e1774532463466-300x289.jpg 300w, https:\/\/pz8.pozytywneinicjatywy.pl\/wp-content\/uploads\/2026\/03\/DSC0463-scaled-e1774532463466-768x740.jpg 768w, https:\/\/pz8.pozytywneinicjatywy.pl\/wp-content\/uploads\/2026\/03\/DSC0463-scaled-e1774532463466.jpg 1284w\" sizes=\"auto, (max-width: 1024px) 100vw, 1024px\" \/><\/figure><div class=\"wp-block-media-text__content\">\n<p><strong>Nataliia Diduk<\/strong><br>opiekunka dzieci\u0119ca<\/p>\n<\/div><\/div>\n\n\n\n<p class=\"has-text-align-center has-large-font-size\"><strong>GRUPA SIKORKI<\/strong> (\u015bredniaki)<\/p>\n\n\n\n<div class=\"wp-block-media-text is-stacked-on-mobile\" style=\"grid-template-columns:18% auto\"><figure class=\"wp-block-media-text__media\"><img loading=\"lazy\" decoding=\"async\" width=\"1021\" height=\"1024\" src=\"https:\/\/pz8.pozytywneinicjatywy.pl\/wp-content\/uploads\/2026\/03\/B04__DSC8993-2-scaled-e1774532745756-1021x1024.jpg\" alt=\"\" class=\"wp-image-490 size-full\" srcset=\"https:\/\/pz8.pozytywneinicjatywy.pl\/wp-content\/uploads\/2026\/03\/B04__DSC8993-2-scaled-e1774532745756-1021x1024.jpg 1021w, https:\/\/pz8.pozytywneinicjatywy.pl\/wp-content\/uploads\/2026\/03\/B04__DSC8993-2-scaled-e1774532745756-300x300.jpg 300w, https:\/\/pz8.pozytywneinicjatywy.pl\/wp-content\/uploads\/2026\/03\/B04__DSC8993-2-scaled-e1774532745756-150x150.jpg 150w, https:\/\/pz8.pozytywneinicjatywy.pl\/wp-content\/uploads\/2026\/03\/B04__DSC8993-2-scaled-e1774532745756-768x770.jpg 768w, https:\/\/pz8.pozytywneinicjatywy.pl\/wp-content\/uploads\/2026\/03\/B04__DSC8993-2-scaled-e1774532745756.jpg 1263w\" sizes=\"auto, (max-width: 1021px) 100vw, 1021px\" \/><\/figure><div class=\"wp-block-media-text__content\">\n<p><strong>Paulina M\u0119czykowska<\/strong><br>opiekunka dzieci\u0119ca<\/p>\n<\/div><\/div>\n\n\n\n<div class=\"wp-block-media-text is-stacked-on-mobile\" style=\"grid-template-columns:18% auto\"><figure class=\"wp-block-media-text__media\"><img loading=\"lazy\" decoding=\"async\" width=\"1024\" height=\"1013\" src=\"https:\/\/pz8.pozytywneinicjatywy.pl\/wp-content\/uploads\/2026\/03\/B04__DSC8989-scaled-e1774532660949-1024x1013.jpg\" alt=\"\" class=\"wp-image-492 size-full\" srcset=\"https:\/\/pz8.pozytywneinicjatywy.pl\/wp-content\/uploads\/2026\/03\/B04__DSC8989-scaled-e1774532660949-1024x1013.jpg 1024w, https:\/\/pz8.pozytywneinicjatywy.pl\/wp-content\/uploads\/2026\/03\/B04__DSC8989-scaled-e1774532660949-300x297.jpg 300w, https:\/\/pz8.pozytywneinicjatywy.pl\/wp-content\/uploads\/2026\/03\/B04__DSC8989-scaled-e1774532660949-768x760.jpg 768w, https:\/\/pz8.pozytywneinicjatywy.pl\/wp-content\/uploads\/2026\/03\/B04__DSC8989-scaled-e1774532660949.jpg 1225w\" sizes=\"auto, (max-width: 1024px) 100vw, 1024px\" \/><\/figure><div class=\"wp-block-media-text__content\">\n<p><strong>Natalia Nawrocka<\/strong><br>opiekunka dzieci\u0119ca<\/p>\n<\/div><\/div>\n\n\n\n<div class=\"wp-block-media-text is-stacked-on-mobile\" style=\"grid-template-columns:18% auto\"><figure class=\"wp-block-media-text__media\"><img loading=\"lazy\" decoding=\"async\" width=\"1024\" height=\"1024\" src=\"https:\/\/pz8.pozytywneinicjatywy.pl\/wp-content\/uploads\/2026\/03\/DSC2771-scaled-e1774532698348-1024x1024.jpg\" alt=\"\" class=\"wp-image-484 size-full\" srcset=\"https:\/\/pz8.pozytywneinicjatywy.pl\/wp-content\/uploads\/2026\/03\/DSC2771-scaled-e1774532698348-1024x1024.jpg 1024w, https:\/\/pz8.pozytywneinicjatywy.pl\/wp-content\/uploads\/2026\/03\/DSC2771-scaled-e1774532698348-300x300.jpg 300w, https:\/\/pz8.pozytywneinicjatywy.pl\/wp-content\/uploads\/2026\/03\/DSC2771-scaled-e1774532698348-150x150.jpg 150w, https:\/\/pz8.pozytywneinicjatywy.pl\/wp-content\/uploads\/2026\/03\/DSC2771-scaled-e1774532698348-768x768.jpg 768w, https:\/\/pz8.pozytywneinicjatywy.pl\/wp-content\/uploads\/2026\/03\/DSC2771-scaled-e1774532698348.jpg 1260w\" sizes=\"auto, (max-width: 1024px) 100vw, 1024px\" \/><\/figure><div class=\"wp-block-media-text__content\">\n<p><strong>Tamara Malinina<\/strong><br>opiekunka dzieci\u0119ca<\/p>\n<\/div><\/div>\n\n\n\n<p class=\"has-text-align-center has-large-font-size\"><strong>GRUPA WR\u00d3BELKI<\/strong> (starszaki)<\/p>\n\n\n\n<div class=\"wp-block-media-text is-stacked-on-mobile\" style=\"grid-template-columns:19% auto\"><figure class=\"wp-block-media-text__media\"><img loading=\"lazy\" decoding=\"async\" width=\"1024\" height=\"1022\" src=\"https:\/\/pz8.pozytywneinicjatywy.pl\/wp-content\/uploads\/2026\/03\/DSC2742-scaled-e1774532788197-1024x1022.jpg\" alt=\"\" class=\"wp-image-486 size-full\" srcset=\"https:\/\/pz8.pozytywneinicjatywy.pl\/wp-content\/uploads\/2026\/03\/DSC2742-scaled-e1774532788197-1024x1022.jpg 1024w, https:\/\/pz8.pozytywneinicjatywy.pl\/wp-content\/uploads\/2026\/03\/DSC2742-scaled-e1774532788197-300x300.jpg 300w, https:\/\/pz8.pozytywneinicjatywy.pl\/wp-content\/uploads\/2026\/03\/DSC2742-scaled-e1774532788197-150x150.jpg 150w, https:\/\/pz8.pozytywneinicjatywy.pl\/wp-content\/uploads\/2026\/03\/DSC2742-scaled-e1774532788197-768x766.jpg 768w, https:\/\/pz8.pozytywneinicjatywy.pl\/wp-content\/uploads\/2026\/03\/DSC2742-scaled-e1774532788197.jpg 1263w\" sizes=\"auto, (max-width: 1024px) 100vw, 1024px\" \/><\/figure><div class=\"wp-block-media-text__content\">\n<p><strong>Victoriia Andiievska<\/strong><br>opiekunka dzieci\u0119ca<\/p>\n<\/div><\/div>\n\n\n\n<div class=\"wp-block-media-text is-stacked-on-mobile\" style=\"grid-template-columns:18% auto\"><figure class=\"wp-block-media-text__media\"><img loading=\"lazy\" decoding=\"async\" width=\"1017\" height=\"1024\" src=\"https:\/\/pz8.pozytywneinicjatywy.pl\/wp-content\/uploads\/2026\/03\/DSC2760-scaled-e1774532838887-1017x1024.jpg\" alt=\"\" class=\"wp-image-488 size-full\" srcset=\"https:\/\/pz8.pozytywneinicjatywy.pl\/wp-content\/uploads\/2026\/03\/DSC2760-scaled-e1774532838887-1017x1024.jpg 1017w, https:\/\/pz8.pozytywneinicjatywy.pl\/wp-content\/uploads\/2026\/03\/DSC2760-scaled-e1774532838887-298x300.jpg 298w, https:\/\/pz8.pozytywneinicjatywy.pl\/wp-content\/uploads\/2026\/03\/DSC2760-scaled-e1774532838887-150x150.jpg 150w, https:\/\/pz8.pozytywneinicjatywy.pl\/wp-content\/uploads\/2026\/03\/DSC2760-scaled-e1774532838887-768x773.jpg 768w, https:\/\/pz8.pozytywneinicjatywy.pl\/wp-content\/uploads\/2026\/03\/DSC2760-scaled-e1774532838887.jpg 1242w\" sizes=\"auto, (max-width: 1017px) 100vw, 1017px\" \/><\/figure><div class=\"wp-block-media-text__content\">\n<p><strong>Zuzanna Stencel<\/strong><br>opiekunka dzieci\u0119ca<\/p>\n<\/div><\/div>\n\n\n\n<div class=\"wp-block-media-text is-stacked-on-mobile\" style=\"grid-template-columns:18% auto\"><figure class=\"wp-block-media-text__media\"><img loading=\"lazy\" decoding=\"async\" width=\"1024\" height=\"1021\" src=\"https:\/\/pz8.pozytywneinicjatywy.pl\/wp-content\/uploads\/2026\/03\/DSC2768-scaled-e1774532866983-1024x1021.jpg\" alt=\"\" class=\"wp-image-485 size-full\" srcset=\"https:\/\/pz8.pozytywneinicjatywy.pl\/wp-content\/uploads\/2026\/03\/DSC2768-scaled-e1774532866983-1024x1021.jpg 1024w, https:\/\/pz8.pozytywneinicjatywy.pl\/wp-content\/uploads\/2026\/03\/DSC2768-scaled-e1774532866983-300x300.jpg 300w, https:\/\/pz8.pozytywneinicjatywy.pl\/wp-content\/uploads\/2026\/03\/DSC2768-scaled-e1774532866983-150x150.jpg 150w, https:\/\/pz8.pozytywneinicjatywy.pl\/wp-content\/uploads\/2026\/03\/DSC2768-scaled-e1774532866983-768x766.jpg 768w, https:\/\/pz8.pozytywneinicjatywy.pl\/wp-content\/uploads\/2026\/03\/DSC2768-scaled-e1774532866983.jpg 1254w\" sizes=\"auto, (max-width: 1024px) 100vw, 1024px\" \/><\/figure><div class=\"wp-block-media-text__content\">\n<p><strong>Martyna Szeluga<\/strong><br>opiekunka dzieci\u0119ca<\/p>\n<\/div><\/div>\n\n\n\n<p><\/p>\n\n\n\n<div class=\"wp-block-media-text is-stacked-on-mobile\" style=\"grid-template-columns:18% auto\"><figure class=\"wp-block-media-text__media\"><img loading=\"lazy\" decoding=\"async\" width=\"1024\" height=\"1024\" src=\"https:\/\/pz8.pozytywneinicjatywy.pl\/wp-content\/uploads\/2025\/10\/DSC0514-1024x1024.jpg\" alt=\"\" class=\"wp-image-358 size-full\" srcset=\"https:\/\/pz8.pozytywneinicjatywy.pl\/wp-content\/uploads\/2025\/10\/DSC0514-1024x1024.jpg 1024w, https:\/\/pz8.pozytywneinicjatywy.pl\/wp-content\/uploads\/2025\/10\/DSC0514-300x300.jpg 300w, https:\/\/pz8.pozytywneinicjatywy.pl\/wp-content\/uploads\/2025\/10\/DSC0514-150x150.jpg 150w, https:\/\/pz8.pozytywneinicjatywy.pl\/wp-content\/uploads\/2025\/10\/DSC0514-768x768.jpg 768w, https:\/\/pz8.pozytywneinicjatywy.pl\/wp-content\/uploads\/2025\/10\/DSC0514-1536x1536.jpg 1536w, https:\/\/pz8.pozytywneinicjatywy.pl\/wp-content\/uploads\/2025\/10\/DSC0514-2048x2048.jpg 2048w\" sizes=\"auto, (max-width: 1024px) 100vw, 1024px\" \/><\/figure><div class=\"wp-block-media-text__content\">\n<p><strong>Agnieszka Piekarska<\/strong><br>pomoc opiekunki dzieci\u0119cej<\/p>\n<\/div><\/div>\n\n\n\n<p><\/p>\n","protected":false},"excerpt":{"rendered":"<p>Kadra W plac\u00f3wce funkcjonuj\u0105 cztery grupy po maksymalnie 25 dzieci. Nad ka\u017cd\u0105 grup\u0105 opiek\u0119 sprawuj\u0105 wykwalifikowane opiekunki i ich pomoce. Ciocie s\u0105 bardzo zaanga\u017cowane, kreatywne, troskliwe i w pe\u0142ni oddane swojej pracy. Pracujemy w duchu \u201ePorozumienia Bez Przemocy\u201d i jeste\u015bmy otwarci na szeroko poj\u0119t\u0105 wsp\u00f3\u0142prac\u0119 z dzie\u0107mi i rodzicami. Wszyscy nasi pracownicy s\u0105 przeszkoleni z [&hellip;]<\/p>\n","protected":false},"author":1,"featured_media":0,"parent":0,"menu_order":0,"comment_status":"closed","ping_status":"closed","template":"","meta":{"footnotes":""},"class_list":["post-9","page","type-page","status-publish","hentry"],"_links":{"self":[{"href":"https:\/\/pz8.pozytywneinicjatywy.pl\/index.php\/wp-json\/wp\/v2\/pages\/9","targetHints":{"allow":["GET"]}}],"collection":[{"href":"https:\/\/pz8.pozytywneinicjatywy.pl\/index.php\/wp-json\/wp\/v2\/pages"}],"about":[{"href":"https:\/\/pz8.pozytywneinicjatywy.pl\/index.php\/wp-json\/wp\/v2\/types\/page"}],"author":[{"embeddable":true,"href":"https:\/\/pz8.pozytywneinicjatywy.pl\/index.php\/wp-json\/wp\/v2\/users\/1"}],"replies":[{"embeddable":true,"href":"https:\/\/pz8.pozytywneinicjatywy.pl\/index.php\/wp-json\/wp\/v2\/comments?post=9"}],"version-history":[{"count":12,"href":"https:\/\/pz8.pozytywneinicjatywy.pl\/index.php\/wp-json\/wp\/v2\/pages\/9\/revisions"}],"predecessor-version":[{"id":515,"href":"https:\/\/pz8.pozytywneinicjatywy.pl\/index.php\/wp-json\/wp\/v2\/pages\/9\/revisions\/515"}],"wp:attachment":[{"href":"https:\/\/pz8.pozytywneinicjatywy.pl\/index.php\/wp-json\/wp\/v2\/media?parent=9"}],"curies":[{"name":"wp","href":"https:\/\/api.w.org\/{rel}","templated":true}]}}